{"id":3249,"date":"2019-05-26T17:38:43","date_gmt":"2019-05-26T15:38:43","guid":{"rendered":"http:\/\/www.swissvapeur.ch\/gruppe\/"},"modified":"2025-11-03T07:25:54","modified_gmt":"2025-11-03T06:25:54","slug":"gruppe","status":"publish","type":"page","link":"https:\/\/swissvapeur.ch\/de\/mein-besuch\/gruppe\/","title":{"rendered":"Gruppe"},"content":{"rendered":"<p>[et_pb_section fb_built=&#8220;1&#8243; _builder_version=&#8220;4.16&#8243; module_alignment=&#8220;center&#8220; custom_padding=&#8220;0|0px|50px|0|false|false&#8220; global_colors_info=&#8220;{}&#8220;][et_pb_row _builder_version=&#8220;4.16&#8243; width=&#8220;100%&#8220; max_width=&#8220;100%&#8220; module_alignment=&#8220;center&#8220; custom_padding=&#8220;0|0px|0|0px|false|false&#8220; use_custom_width=&#8220;on&#8220; width_unit=&#8220;off&#8220; custom_width_percent=&#8220;100%&#8220; global_colors_info=&#8220;{}&#8220;][et_pb_column type=&#8220;4_4&#8243; _builder_version=&#8220;4.16&#8243; custom_padding=&#8220;|||&#8220; global_colors_info=&#8220;{}&#8220; custom_padding__hover=&#8220;|||&#8220;][et_pb_slider show_pagination=&#8220;off&#8220; _builder_version=&#8220;4.17.3&#8243; header_font=&#8220;|700|||||||&#8220; header_font_size=&#8220;48px&#8220; header_line_height=&#8220;1.1em&#8220; body_font=&#8220;||||||||&#8220; background_image=&#8220;http:\/\/www.swissvapeur.ch\/wp-content\/uploads\/2019\/02\/swissvapeur_banniere_visite_individuelle.jpg&#8220; custom_button=&#8220;on&#8220; button_text_color=&#8220;#ffffff&#8220; button_bg_color=&#8220;#eebc0f&#8220; button_font=&#8220;||||||||&#8220; animation_style=&#8220;fade&#8220; animation_duration=&#8220;0ms&#8220; auto=&#8220;on&#8220; header_text_shadow_style=&#8220;preset1&#8243; header_text_shadow_blur_strength=&#8220;0.06em&#8220; box_shadow_style_button=&#8220;preset2&#8243; global_colors_info=&#8220;{}&#8220;][et_pb_slide heading=&#8220;MIT EINER GRUPPE&#8220; button_text=&#8220;RESERVIEREN&#8220; button_link=&#8220;https:\/\/www.swissvapeur.ch\/contact\/&#8220; use_bg_overlay=&#8220;on&#8220; use_text_overlay=&#8220;off&#8220; _builder_version=&#8220;4.17.3&#8243; header_font=&#8220;|700|||||||&#8220; body_font=&#8220;||||||||&#8220; background_color=&#8220;rgba(196,196,196,0)&#8220; custom_button=&#8220;on&#8220; button_font=&#8220;|700|||||||&#8220; text_orientation=&#8220;center&#8220; text_shadow_style=&#8220;preset1&#8243; inline_fonts=&#8220;Times New Roman&#8220; global_colors_info=&#8220;{}&#8220; sticky_transition=&#8220;on&#8220;]<\/p>\n<h3><span style=\"font-size: xx-large;\"><span style=\"font-family: Times New Roman;\"><em>Ein unvergesslicher Moment f\u00fcr Gro\u00df und Klein!<br \/><\/em><\/span><\/span><\/h3>\n<p>[\/et_pb_slide][\/et_pb_slider][\/et_pb_column][\/et_pb_row][et_pb_row use_custom_gutter=&#8220;on&#8220; gutter_width=&#8220;1&#8243; make_equal=&#8220;on&#8220; _builder_version=&#8220;4.16&#8243; custom_padding=&#8220;0|0px|0|0px|false|false&#8220; global_colors_info=&#8220;{}&#8220;][et_pb_column type=&#8220;4_4&#8243; _builder_version=&#8220;4.16&#8243; custom_padding=&#8220;|||&#8220; global_colors_info=&#8220;{}&#8220; custom_padding__hover=&#8220;|||&#8220;][et_pb_divider show_divider=&#8220;off&#8220; _builder_version=&#8220;4.16&#8243; global_colors_info=&#8220;{}&#8220;][\/et_pb_divider][et_pb_toggle title=&#8220;Gruppe Erwachsene (ab 15 Personen)&#8220; open=&#8220;on&#8220; open_toggle_text_color=&#8220;#ffffff&#8220; open_toggle_background_color=&#8220;#155a33&#8243; closed_toggle_text_color=&#8220;#ffffff&#8220; closed_toggle_background_color=&#8220;#155a33&#8243; icon_color=&#8220;#eebc0f&#8220; open_icon_color=&#8220;#eebc0f&#8220; _builder_version=&#8220;4.24.0&#8243; title_font=&#8220;||||||||&#8220; global_colors_info=&#8220;{}&#8220;]<\/p>\n<h2><span style=\"color: #ffffff;\"><strong>CHF 15.-\u00a0<\/strong><\/span><\/h2>\n<ul>\n<li><span style=\"color: #ffffff;\">Tageseintritt<\/span><\/li>\n<li><span style=\"color: #ffffff;\">Unbeschr\u00e4nkte Zugfahrten<\/span><\/li>\n<\/ul>\n<p>[\/et_pb_toggle][\/et_pb_column][\/et_pb_row][et_pb_row column_structure=&#8220;1_2,1_2&#8243; use_custom_gutter=&#8220;on&#8220; gutter_width=&#8220;1&#8243; make_equal=&#8220;on&#8220; _builder_version=&#8220;4.16&#8243; custom_padding=&#8220;0|0px|0|0px|false|false&#8220; global_colors_info=&#8220;{}&#8220;][et_pb_column type=&#8220;1_2&#8243; _builder_version=&#8220;4.16&#8243; custom_padding=&#8220;|||&#8220; global_colors_info=&#8220;{}&#8220; custom_padding__hover=&#8220;|||&#8220;][et_pb_toggle title=&#8220;SCHULGRUPPEN (ab dem 3. Lebensjahr)&#8220; open=&#8220;on&#8220; open_toggle_text_color=&#8220;#ffffff&#8220; open_toggle_background_color=&#8220;#155a33&#8243; closed_toggle_text_color=&#8220;#ffffff&#8220; closed_toggle_background_color=&#8220;#155a33&#8243; icon_color=&#8220;#eebc0f&#8220; open_icon_color=&#8220;#eebc0f&#8220; _builder_version=&#8220;4.24.0&#8243; global_colors_info=&#8220;{}&#8220;]<\/p>\n<h2><span style=\"color: #ffffff;\"><strong>CHF 11.-\u00a0<\/strong><br \/><\/span><\/h2>\n<ul>\n<li><span style=\"color: #ffffff;\">Tageseintritt<\/span><\/li>\n<li><span style=\"color: #ffffff;\">Unbeschr\u00e4nkte Zugfahrten<\/span><\/li>\n<li><span style=\"color: #ffffff;\">Eine kostenlose Begleitperson pro 10 Eintritte<\/span><\/li>\n<li><span style=\"color: #ffffff;\">G\u00fcltig ab dem 3. Lebensjahr<\/span><\/li>\n<li><span style=\"color: #ffffff;\">Reservation notwendig<\/span><span style=\"color: #ffffff;\"><\/span><\/li>\n<\/ul>\n<p>[\/et_pb_toggle][\/et_pb_column][et_pb_column type=&#8220;1_2&#8243; _builder_version=&#8220;4.16&#8243; custom_padding=&#8220;0px|||&#8220; global_colors_info=&#8220;{}&#8220; custom_padding__hover=&#8220;|||&#8220;][et_pb_toggle title=&#8220;SCHULGRUPPEN (unter 3 Lebensjahren)&#8220; open=&#8220;on&#8220; open_toggle_text_color=&#8220;#ffffff&#8220; open_toggle_background_color=&#8220;#155a33&#8243; closed_toggle_text_color=&#8220;#ffffff&#8220; closed_toggle_background_color=&#8220;#155a33&#8243; icon_color=&#8220;#eebc0f&#8220; open_icon_color=&#8220;#eebc0f&#8220; _builder_version=&#8220;4.24.0&#8243; global_colors_info=&#8220;{}&#8220;]<\/p>\n<h2><span style=\"color: #ffffff;\"><strong>CHF 6.- par enfant<\/strong> <strong><br \/><\/strong><\/span><\/h2>\n<ul>\n<li><span style=\"color: #ffffff;\">Tageseintritt<\/span><\/li>\n<li><span style=\"color: #ffffff;\">Unbeschr\u00e4nkte Zugfahrten<\/span><\/li>\n<li><span style=\"color: #ffffff;\">Eine Begleitperson pro 10 Eintritte gratis, sonst CHF 11.<\/span><\/li>\n<li><span style=\"color: #ffffff;\"><span style=\"color: #000000;\"><span style=\"color: #ffffff;\">G\u00fcltig f\u00fcr Kinder unter 3 Jahren<\/span><br \/><\/span><\/span><span style=\"color: #ffffff;\"><\/span><span style=\"color: #ffffff;\"><\/span><\/li>\n<li><span style=\"color: #ffffff;\">Reservation notwendig<\/span><\/li>\n<\/ul>\n<p>[\/et_pb_toggle][\/et_pb_column][\/et_pb_row][et_pb_row column_structure=&#8220;1_4,1_4,1_4,1_4&#8243; use_custom_gutter=&#8220;on&#8220; gutter_width=&#8220;1&#8243; make_equal=&#8220;on&#8220; _builder_version=&#8220;4.16&#8243; custom_padding=&#8220;0|0px|0|0px|false|false&#8220; global_colors_info=&#8220;{}&#8220;][et_pb_column type=&#8220;1_4&#8243; _builder_version=&#8220;4.16&#8243; custom_padding=&#8220;|||&#8220; global_colors_info=&#8220;{}&#8220; custom_padding__hover=&#8220;|||&#8220;][et_pb_toggle title=&#8220;VORMITTAGSBESUCH&#8220; open=&#8220;on&#8220; open_toggle_text_color=&#8220;#ffffff&#8220; open_toggle_background_color=&#8220;#155a33&#8243; closed_toggle_text_color=&#8220;#ffffff&#8220; closed_toggle_background_color=&#8220;#155a33&#8243; icon_color=&#8220;#eebc0f&#8220; open_icon_color=&#8220;#eebc0f&#8220; _builder_version=&#8220;4.27.0&#8243; hover_enabled=&#8220;0&#8243; global_colors_info=&#8220;{}&#8220; sticky_enabled=&#8220;0&#8243;]<\/p>\n<h2><span style=\"color: #ffffff;\"><strong>CHF 20.-<br \/><\/strong><\/span><\/h2>\n<ul>\n<li><span style=\"color: #ffffff;\">Tageseintritt<\/span><\/li>\n<li><span style=\"color: #ffffff;\">Unbeschr\u00e4nkte Zugfahrten<\/span><\/li>\n<li><span style=\"color: #ffffff;\">Kaffee und Gipfel<br \/><\/span><\/li>\n<li><span style=\"color: #ffffff;\">Nur auf Reservation<\/span><br \/><span style=\"color: #ffffff;\"><\/span><\/li>\n<\/ul>\n<p>[\/et_pb_toggle][\/et_pb_column][et_pb_column type=&#8220;1_4&#8243; _builder_version=&#8220;4.16&#8243; custom_padding=&#8220;0px|||&#8220; global_colors_info=&#8220;{}&#8220; custom_padding__hover=&#8220;|||&#8220;][et_pb_toggle title=&#8220;APERITIF-BESUCH&#8220; open=&#8220;on&#8220; open_toggle_text_color=&#8220;#ffffff&#8220; open_toggle_background_color=&#8220;#155a33&#8243; closed_toggle_text_color=&#8220;#ffffff&#8220; closed_toggle_background_color=&#8220;#155a33&#8243; icon_color=&#8220;#eebc0f&#8220; open_icon_color=&#8220;#eebc0f&#8220; _builder_version=&#8220;4.24.0&#8243; global_colors_info=&#8220;{}&#8220;]<\/p>\n<h2><span style=\"color: #ffffff;\"><strong>D\u00e8s CHF 20.-<br \/>\n<\/strong><\/span><\/h2>\n<ul>\n<li><span style=\"color: #ffffff;\">Tageseintritt<\/span><\/li>\n<li><span style=\"color: #ffffff;\">Unbeschr\u00e4nkte Zugfahrten<\/span><span style=\"color: #ffffff;\"><\/span><\/li>\n<li><span style=\"color: #ffffff;\">Aperitif (Optionen m\u00f6glich)<\/span><\/li>\n<li><span style=\"color: #ffffff;\">Nur auf Reservation<\/span><br \/>\n<span style=\"color: #ffffff;\"><\/span><\/li>\n<\/ul>\n<p>[\/et_pb_toggle][\/et_pb_column][et_pb_column type=&#8220;1_4&#8243; _builder_version=&#8220;4.16&#8243; custom_padding=&#8220;|||&#8220; global_colors_info=&#8220;{}&#8220; custom_padding__hover=&#8220;|||&#8220;][et_pb_toggle title=&#8220;LECKERER BESUCH&#8220; open=&#8220;on&#8220; open_toggle_text_color=&#8220;#ffffff&#8220; open_toggle_background_color=&#8220;#155a33&#8243; closed_toggle_text_color=&#8220;#ffffff&#8220; closed_toggle_background_color=&#8220;#155a33&#8243; icon_color=&#8220;#eebc0f&#8220; open_icon_color=&#8220;#eebc0f&#8220; _builder_version=&#8220;4.27.0&#8243; global_colors_info=&#8220;{}&#8220;]<\/p>\n<h2><span style=\"color: #ffffff;\"><strong>CHF 20.-<br \/><\/strong><\/span><\/h2>\n<ul>\n<li><span style=\"color: #ffffff;\">Tageseintritt<\/span><\/li>\n<li><span style=\"color: #ffffff;\">Unbeschr\u00e4nkte Zugfahrten<\/span><span style=\"color: #ffffff;\"><\/span><\/li>\n<li><span style=\"color: #ffffff;\">Kaffee und Waffel mit Zucker<\/span><\/li>\n<li><span style=\"color: #ffffff;\">Nur auf Reservation<\/span><span style=\"color: #ffffff;\"><\/span><\/li>\n<\/ul>\n<p>[\/et_pb_toggle][\/et_pb_column][et_pb_column type=&#8220;1_4&#8243; _builder_version=&#8220;4.16&#8243; custom_padding=&#8220;|||&#8220; global_colors_info=&#8220;{}&#8220; custom_padding__hover=&#8220;|||&#8220;][et_pb_toggle title=&#8220;KULINARISCHER BESUCH&#8220; open=&#8220;on&#8220; open_toggle_text_color=&#8220;#ffffff&#8220; open_toggle_background_color=&#8220;#155a33&#8243; closed_toggle_text_color=&#8220;#ffffff&#8220; closed_toggle_background_color=&#8220;#155a33&#8243; icon_color=&#8220;#eebc0f&#8220; open_icon_color=&#8220;#eebc0f&#8220; _builder_version=&#8220;4.27.0&#8243; hover_enabled=&#8220;0&#8243; global_colors_info=&#8220;{}&#8220; sticky_enabled=&#8220;0&#8243;]<\/p>\n<h2><span style=\"color: #ffffff;\"><strong>CHF 35.-<br \/><\/strong><\/span><\/h2>\n<ul>\n<li><span style=\"color: #ffffff;\">Tageseintritt<\/span><\/li>\n<li><span style=\"color: #ffffff;\">Unbeschr\u00e4nkte Zugfahrten<\/span><span style=\"color: #ffffff;\"><\/span><\/li>\n<li><span style=\"color: #ffffff;\">Tagesgericht in Selbstbedienung<\/span><\/li>\n<li><span style=\"color: #ffffff;\">Nur auf Reservation <\/span><\/li>\n<\/ul>\n<p>[\/et_pb_toggle][\/et_pb_column][\/et_pb_row][\/et_pb_section][et_pb_section fb_built=&#8220;1&#8243; _builder_version=&#8220;4.16&#8243; custom_padding=&#8220;0|0px|0|0px|false|false&#8220; global_colors_info=&#8220;{}&#8220;][et_pb_row _builder_version=&#8220;4.16&#8243; width=&#8220;100%&#8220; max_width=&#8220;100%&#8220; module_alignment=&#8220;center&#8220; custom_padding=&#8220;0|0px|0|0px|false|false&#8220; use_custom_width=&#8220;on&#8220; width_unit=&#8220;off&#8220; custom_width_percent=&#8220;100%&#8220; global_colors_info=&#8220;{}&#8220;][et_pb_column type=&#8220;4_4&#8243; _builder_version=&#8220;4.16&#8243; custom_padding=&#8220;|||&#8220; global_colors_info=&#8220;{}&#8220; custom_padding__hover=&#8220;|||&#8220;][et_pb_text _builder_version=&#8220;4.24.0&#8243; custom_padding=&#8220;||40px|||&#8220; global_colors_info=&#8220;{}&#8220;]<\/p>\n<p style=\"text-align: center;\"><em>AKZEPTIERTE ZAHLUNGSMITTEL<\/em><br \/>\n<em>Schweizer Franken &#8211; Euros &#8211; Kreditkarten &#8211; Reka-Check<\/em><\/p>\n<p>[\/et_pb_text][\/et_pb_column][\/et_pb_row][\/et_pb_section][et_pb_section fb_built=&#8220;1&#8243; next_background_color=&#8220;#ffffff&#8220; _builder_version=&#8220;4.16&#8243; use_background_color_gradient=&#8220;on&#8220; background_color_gradient_direction=&#8220;1deg&#8220; background_color_gradient_stops=&#8220;rgba(3,43,0,0.88) 0%|rgba(1,40,0,0.87) 100%&#8220; background_color_gradient_overlays_image=&#8220;on&#8220; background_color_gradient_start=&#8220;rgba(3,43,0,0.88)&#8220; background_color_gradient_end=&#8220;rgba(1,40,0,0.87)&#8220; background_image=&#8220;https:\/\/swissvapeur.ch\/wp-content\/uploads\/2018\/12\/2016-Affiche-2.jpg&#8220; module_alignment=&#8220;center&#8220; custom_padding=&#8220;45px|0px|45px|0px|true|false&#8220; top_divider_flip=&#8220;vertical|horizontal&#8220; bottom_divider_style=&#8220;ramp&#8220; saved_tabs=&#8220;all&#8220; global_colors_info=&#8220;{}&#8220;][\/et_pb_section][et_pb_section fb_built=&#8220;1&#8243; _builder_version=&#8220;4.16&#8243; custom_padding=&#8220;51.2px|0px|0|0px|false|false&#8220; global_colors_info=&#8220;{}&#8220;][et_pb_row _builder_version=&#8220;4.16&#8243; custom_padding=&#8220;0|0px|0|0px|false|false&#8220; global_colors_info=&#8220;{}&#8220;][et_pb_column type=&#8220;4_4&#8243; _builder_version=&#8220;4.16&#8243; custom_padding=&#8220;|||&#8220; global_colors_info=&#8220;{}&#8220; custom_padding__hover=&#8220;|||&#8220;][et_pb_text _builder_version=&#8220;4.16&#8243; global_colors_info=&#8220;{}&#8220;]<\/p>\n<h1 style=\"text-align: center;\"><strong>ZUGANG<br \/> <\/strong><\/h1>\n<p>[\/et_pb_text][\/et_pb_column][\/et_pb_row][et_pb_row column_structure=&#8220;1_3,1_3,1_3&#8243; use_custom_gutter=&#8220;on&#8220; gutter_width=&#8220;1&#8243; _builder_version=&#8220;4.16&#8243; max_width=&#8220;2070px&#8220; module_alignment=&#8220;center&#8220; custom_padding=&#8220;50px|0px|63px|0px|false|false&#8220; use_custom_width=&#8220;on&#8220; custom_width_px=&#8220;2070px&#8220; global_colors_info=&#8220;{}&#8220;][et_pb_column type=&#8220;1_3&#8243; _builder_version=&#8220;4.16&#8243; custom_padding=&#8220;|||&#8220; global_colors_info=&#8220;{}&#8220; custom_padding__hover=&#8220;|||&#8220;][et_pb_image src=&#8220;https:\/\/swissvapeur.ch\/wp-content\/uploads\/2019\/02\/swissvapeur_picto_bus.jpg&#8220; align_tablet=&#8220;center&#8220; align_phone=&#8220;&#8220; align_last_edited=&#8220;on|desktop&#8220; _builder_version=&#8220;4.16&#8243; max_width=&#8220;50%&#8220; module_alignment=&#8220;center&#8220; global_colors_info=&#8220;{}&#8220;][\/et_pb_image][et_pb_text _builder_version=&#8220;4.16&#8243; border_width_all=&#8220;16px&#8220; border_color_all=&#8220;rgba(0,0,0,0)&#8220; global_colors_info=&#8220;{}&#8220;]<\/p>\n<p style=\"text-align: center;\"><strong><span style=\"font-family: inherit;\">MIT DEM BUS<br \/><\/span><\/strong> <span style=\"font-family: inherit;\"><em>AUSSTEIGEN VOR DEM EINGANG ZUM PARK<br \/>GEB\u00dcHRENPFLICHTIGE PARKPL\u00c4TZE VORHANDEN<\/em><\/span><span style=\"font-family: inherit;\"> <\/span><strong><span style=\"font-family: inherit;\"><br \/><\/span><\/strong><\/p>\n<p style=\"text-align: center;\"><strong><span style=\"font-family: inherit;\">Von der Schweiz<br \/><\/span><\/strong> <span style=\"font-family: inherit;\">Autobahn A9 Ausfahrt Villeneuve dann Richtung St-Gingolph, Evian<\/span><\/p>\n<p style=\"text-align: center;\"><strong><span style=\"font-family: inherit;\">Von Frankreich<\/span><\/strong><br \/><span style=\"font-family: inherit;\"> RN 5 Richtung Evian-les-Bains,<br \/> St-Gingolph dann Grenze zur Schweiz<\/span><\/p>\n<p style=\"text-align: center;\">\n<p>[\/et_pb_text][\/et_pb_column][et_pb_column type=&#8220;1_3&#8243; _builder_version=&#8220;4.16&#8243; custom_padding=&#8220;|||&#8220; global_colors_info=&#8220;{}&#8220; custom_padding__hover=&#8220;|||&#8220;][et_pb_image src=&#8220;https:\/\/swissvapeur.ch\/wp-content\/uploads\/2019\/02\/swissvapeur_picto_bateau.png&#8220; align_tablet=&#8220;center&#8220; align_phone=&#8220;&#8220; align_last_edited=&#8220;on|desktop&#8220; _builder_version=&#8220;4.16&#8243; max_width=&#8220;50%&#8220; module_alignment=&#8220;center&#8220; global_colors_info=&#8220;{}&#8220;][\/et_pb_image][et_pb_text _builder_version=&#8220;4.16&#8243; border_width_all=&#8220;16px&#8220; border_color_all=&#8220;rgba(0,0,0,0)&#8220; global_colors_info=&#8220;{}&#8220;]<\/p>\n<p style=\"text-align: center;\"><strong><span style=\"font-family: inherit;\">MIT DEM ZUG<\/span><\/strong><span style=\"font-family: inherit;\"><em><\/em><\/span><strong><span style=\"font-family: inherit;\"><br \/> <\/span><\/strong><\/p>\n<p style=\"text-align: center;\">RegionAlps Linie<br \/> Von St-Maurice Richtung<br \/> St-Gingolph.<\/p>\n<p>[\/et_pb_text][\/et_pb_column][et_pb_column type=&#8220;1_3&#8243; _builder_version=&#8220;4.16&#8243; custom_padding=&#8220;|||&#8220; global_colors_info=&#8220;{}&#8220; custom_padding__hover=&#8220;|||&#8220;][et_pb_image src=&#8220;https:\/\/swissvapeur.ch\/wp-content\/uploads\/2019\/02\/swissvapeur_picto_bateau.jpg&#8220; align_tablet=&#8220;center&#8220; align_phone=&#8220;&#8220; align_last_edited=&#8220;on|desktop&#8220; _builder_version=&#8220;4.16&#8243; max_width=&#8220;50%&#8220; module_alignment=&#8220;center&#8220; global_colors_info=&#8220;{}&#8220;][\/et_pb_image][et_pb_text _builder_version=&#8220;4.16&#8243; border_width_all=&#8220;16px&#8220; border_color_all=&#8220;rgba(0,0,0,0)&#8220; global_colors_info=&#8220;{}&#8220;]<\/p>\n<p style=\"text-align: center;\"><strong><span style=\"font-family: inherit;\">MIT DEM SCHIFF<\/span><\/strong><strong><span style=\"font-family: inherit;\"><br \/><\/span><\/strong><\/p>\n<p style=\"text-align: center;\">Mit der CGN, Abfahrt in Lausanne, \u00fcber Vevey, Montreux, Villeneuve und St-Gingolph.<\/p>\n<p>[\/et_pb_text][et_pb_button button_url=&#8220;https:\/\/www.cgn.ch&#8220; url_new_window=&#8220;on&#8220; button_text=&#8220;Fahrpl\u00e4ne und Tickets&#8220; button_alignment=&#8220;center&#8220; _builder_version=&#8220;4.16&#8243; custom_button=&#8220;on&#8220; button_text_color=&#8220;#ffffff&#8220; button_bg_color=&#8220;#eebc0f&#8220; button_border_radius=&#8220;10px&#8220; button_font=&#8220;|700|||||||&#8220; custom_margin=&#8220;||30px&#8220; global_colors_info=&#8220;{}&#8220;][\/et_pb_button][\/et_pb_column][\/et_pb_row][et_pb_row column_structure=&#8220;1_2,1_2&#8243; _builder_version=&#8220;4.16&#8243; module_alignment=&#8220;center&#8220; custom_padding=&#8220;0|0px|25.6px|0px|false|false&#8220; custom_width_px=&#8220;500px&#8220; global_colors_info=&#8220;{}&#8220;][et_pb_column type=&#8220;1_2&#8243; _builder_version=&#8220;4.16&#8243; custom_padding=&#8220;|||&#8220; global_colors_info=&#8220;{}&#8220; custom_padding__hover=&#8220;|||&#8220;][et_pb_text _builder_version=&#8220;4.16&#8243; text_font=&#8220;||||||||&#8220; header_font=&#8220;||||||||&#8220; border_width_all=&#8220;20px&#8220; border_color_all=&#8220;rgba(0,0,0,0)&#8220; global_colors_info=&#8220;{}&#8220;]<\/p>\n<h1><strong>Finden Sie uns <\/strong><\/h1>\n<p><strong>Swiss Vapeur Parc<br \/> Route de la Plage<br \/> 1897 Bouveret<\/strong><\/p>\n<p>[\/et_pb_text][\/et_pb_column][et_pb_column type=&#8220;1_2&#8243; _builder_version=&#8220;4.16&#8243; custom_padding=&#8220;|||&#8220; global_colors_info=&#8220;{}&#8220; custom_padding__hover=&#8220;|||&#8220;][et_pb_code _builder_version=&#8220;4.16&#8243; global_colors_info=&#8220;{}&#8220;]<iframe loading=\"lazy\" src=\"https:\/\/www.google.com\/maps\/embed?pb=!1m18!1m12!1m3!1d2752.222797685265!2d6.854475951114811!3d46.384805979020115!2m3!1f0!2f0!3f0!3m2!1i1024!2i768!4f13.1!3m3!1m2!1s0x478e9c00054eaf89%3A0xd25cc6febec87ea3!2sSwiss+Vapeur+Parc!5e0!3m2!1sfr!2sch!4v1549213804372\" width=\"600\" height=\"450\" frameborder=\"0\" style=\"border:0\" allowfullscreen=\"\"><\/iframe>[\/et_pb_code][\/et_pb_column][\/et_pb_row][\/et_pb_section]<\/p>\n","protected":false},"excerpt":{"rendered":"<p>Ein unvergesslicher Moment f\u00fcr Gro\u00df und Klein!CHF 15.-\u00a0 Tageseintritt Unbeschr\u00e4nkte Zugfahrten CHF 11.-\u00a0 Tageseintritt Unbeschr\u00e4nkte Zugfahrten Eine kostenlose Begleitperson pro 10 Eintritte G\u00fcltig ab dem 3. Lebensjahr Reservation notwendig CHF 6.- par enfant Tageseintritt Unbeschr\u00e4nkte Zugfahrten Eine Begleitperson pro 10 Eintritte gratis, sonst CHF 11. G\u00fcltig f\u00fcr Kinder unter 3 [&hellip;]<\/p>\n","protected":false},"author":1,"featured_media":0,"parent":6834,"menu_order":0,"comment_status":"closed","ping_status":"closed","template":"","meta":{"_et_pb_use_builder":"on","_et_pb_old_content":"","_et_gb_content_width":"","footnotes":""},"class_list":["post-3249","page","type-page","status-publish","hentry"],"yoast_head":"<!-- This site is optimized with the Yoast SEO plugin v27.3 - https:\/\/yoast.com\/product\/yoast-seo-wordpress\/ -->\n<title>Gruppe - Swiss Vapeur Parc<\/title>\n<meta name=\"robots\" content=\"index, follow, max-snippet:-1, max-image-preview:large, max-video-preview:-1\" \/>\n<link rel=\"canonical\" href=\"https:\/\/swissvapeur.ch\/de\/mein-besuch\/gruppe\/\" \/>\n<meta property=\"og:locale\" content=\"de_DE\" \/>\n<meta property=\"og:type\" content=\"article\" \/>\n<meta property=\"og:title\" content=\"Gruppe - Swiss Vapeur Parc\" \/>\n<meta property=\"og:description\" content=\"Ein unvergesslicher Moment f\u00fcr Gro\u00df und Klein!CHF 15.-\u00a0 Tageseintritt Unbeschr\u00e4nkte Zugfahrten CHF 11.-\u00a0 Tageseintritt Unbeschr\u00e4nkte Zugfahrten Eine kostenlose Begleitperson pro 10 Eintritte G\u00fcltig ab dem 3. Lebensjahr Reservation notwendig CHF 6.- par enfant Tageseintritt Unbeschr\u00e4nkte Zugfahrten Eine Begleitperson pro 10 Eintritte gratis, sonst CHF 11. G\u00fcltig f\u00fcr Kinder unter 3 [&hellip;]\" \/>\n<meta property=\"og:url\" content=\"https:\/\/swissvapeur.ch\/de\/mein-besuch\/gruppe\/\" \/>\n<meta property=\"og:site_name\" content=\"Swiss Vapeur Parc\" \/>\n<meta property=\"article:modified_time\" content=\"2025-11-03T06:25:54+00:00\" \/>\n<meta name=\"twitter:card\" content=\"summary_large_image\" \/>\n<meta name=\"twitter:label1\" content=\"Gesch\u00e4tzte Lesezeit\" \/>\n\t<meta name=\"twitter:data1\" content=\"8\u00a0Minuten\" \/>\n<script type=\"application\/ld+json\" class=\"yoast-schema-graph\">{\"@context\":\"https:\\\/\\\/schema.org\",\"@graph\":[{\"@type\":\"WebPage\",\"@id\":\"https:\\\/\\\/swissvapeur.ch\\\/de\\\/mein-besuch\\\/gruppe\\\/\",\"url\":\"https:\\\/\\\/swissvapeur.ch\\\/de\\\/mein-besuch\\\/gruppe\\\/\",\"name\":\"Gruppe - Swiss Vapeur Parc\",\"isPartOf\":{\"@id\":\"https:\\\/\\\/swissvapeur.ch\\\/de\\\/#website\"},\"datePublished\":\"2019-05-26T15:38:43+00:00\",\"dateModified\":\"2025-11-03T06:25:54+00:00\",\"breadcrumb\":{\"@id\":\"https:\\\/\\\/swissvapeur.ch\\\/de\\\/mein-besuch\\\/gruppe\\\/#breadcrumb\"},\"inLanguage\":\"de\",\"potentialAction\":[{\"@type\":\"ReadAction\",\"target\":[\"https:\\\/\\\/swissvapeur.ch\\\/de\\\/mein-besuch\\\/gruppe\\\/\"]}]},{\"@type\":\"BreadcrumbList\",\"@id\":\"https:\\\/\\\/swissvapeur.ch\\\/de\\\/mein-besuch\\\/gruppe\\\/#breadcrumb\",\"itemListElement\":[{\"@type\":\"ListItem\",\"position\":1,\"name\":\"Accueil\",\"item\":\"https:\\\/\\\/swissvapeur.ch\\\/de\\\/\"},{\"@type\":\"ListItem\",\"position\":2,\"name\":\"Mein Besuch\",\"item\":\"https:\\\/\\\/swissvapeur.ch\\\/de\\\/mein-besuch\\\/\"},{\"@type\":\"ListItem\",\"position\":3,\"name\":\"Gruppe\"}]},{\"@type\":\"WebSite\",\"@id\":\"https:\\\/\\\/swissvapeur.ch\\\/de\\\/#website\",\"url\":\"https:\\\/\\\/swissvapeur.ch\\\/de\\\/\",\"name\":\"Swiss Vapeur Parc\",\"description\":\"Des petits trains presque comme les grands\",\"potentialAction\":[{\"@type\":\"SearchAction\",\"target\":{\"@type\":\"EntryPoint\",\"urlTemplate\":\"https:\\\/\\\/swissvapeur.ch\\\/de\\\/?s={search_term_string}\"},\"query-input\":{\"@type\":\"PropertyValueSpecification\",\"valueRequired\":true,\"valueName\":\"search_term_string\"}}],\"inLanguage\":\"de\"}]}<\/script>\n<!-- \/ Yoast SEO plugin. -->","yoast_head_json":{"title":"Gruppe - Swiss Vapeur Parc","robots":{"index":"index","follow":"follow","max-snippet":"max-snippet:-1","max-image-preview":"max-image-preview:large","max-video-preview":"max-video-preview:-1"},"canonical":"https:\/\/swissvapeur.ch\/de\/mein-besuch\/gruppe\/","og_locale":"de_DE","og_type":"article","og_title":"Gruppe - Swiss Vapeur Parc","og_description":"Ein unvergesslicher Moment f\u00fcr Gro\u00df und Klein!CHF 15.-\u00a0 Tageseintritt Unbeschr\u00e4nkte Zugfahrten CHF 11.-\u00a0 Tageseintritt Unbeschr\u00e4nkte Zugfahrten Eine kostenlose Begleitperson pro 10 Eintritte G\u00fcltig ab dem 3. Lebensjahr Reservation notwendig CHF 6.- par enfant Tageseintritt Unbeschr\u00e4nkte Zugfahrten Eine Begleitperson pro 10 Eintritte gratis, sonst CHF 11. G\u00fcltig f\u00fcr Kinder unter 3 [&hellip;]","og_url":"https:\/\/swissvapeur.ch\/de\/mein-besuch\/gruppe\/","og_site_name":"Swiss Vapeur Parc","article_modified_time":"2025-11-03T06:25:54+00:00","twitter_card":"summary_large_image","twitter_misc":{"Gesch\u00e4tzte Lesezeit":"8\u00a0Minuten"},"schema":{"@context":"https:\/\/schema.org","@graph":[{"@type":"WebPage","@id":"https:\/\/swissvapeur.ch\/de\/mein-besuch\/gruppe\/","url":"https:\/\/swissvapeur.ch\/de\/mein-besuch\/gruppe\/","name":"Gruppe - Swiss Vapeur Parc","isPartOf":{"@id":"https:\/\/swissvapeur.ch\/de\/#website"},"datePublished":"2019-05-26T15:38:43+00:00","dateModified":"2025-11-03T06:25:54+00:00","breadcrumb":{"@id":"https:\/\/swissvapeur.ch\/de\/mein-besuch\/gruppe\/#breadcrumb"},"inLanguage":"de","potentialAction":[{"@type":"ReadAction","target":["https:\/\/swissvapeur.ch\/de\/mein-besuch\/gruppe\/"]}]},{"@type":"BreadcrumbList","@id":"https:\/\/swissvapeur.ch\/de\/mein-besuch\/gruppe\/#breadcrumb","itemListElement":[{"@type":"ListItem","position":1,"name":"Accueil","item":"https:\/\/swissvapeur.ch\/de\/"},{"@type":"ListItem","position":2,"name":"Mein Besuch","item":"https:\/\/swissvapeur.ch\/de\/mein-besuch\/"},{"@type":"ListItem","position":3,"name":"Gruppe"}]},{"@type":"WebSite","@id":"https:\/\/swissvapeur.ch\/de\/#website","url":"https:\/\/swissvapeur.ch\/de\/","name":"Swiss Vapeur Parc","description":"Des petits trains presque comme les grands","potentialAction":[{"@type":"SearchAction","target":{"@type":"EntryPoint","urlTemplate":"https:\/\/swissvapeur.ch\/de\/?s={search_term_string}"},"query-input":{"@type":"PropertyValueSpecification","valueRequired":true,"valueName":"search_term_string"}}],"inLanguage":"de"}]}},"_links":{"self":[{"href":"https:\/\/swissvapeur.ch\/de\/wp-json\/wp\/v2\/pages\/3249","targetHints":{"allow":["GET"]}}],"collection":[{"href":"https:\/\/swissvapeur.ch\/de\/wp-json\/wp\/v2\/pages"}],"about":[{"href":"https:\/\/swissvapeur.ch\/de\/wp-json\/wp\/v2\/types\/page"}],"author":[{"embeddable":true,"href":"https:\/\/swissvapeur.ch\/de\/wp-json\/wp\/v2\/users\/1"}],"replies":[{"embeddable":true,"href":"https:\/\/swissvapeur.ch\/de\/wp-json\/wp\/v2\/comments?post=3249"}],"version-history":[{"count":15,"href":"https:\/\/swissvapeur.ch\/de\/wp-json\/wp\/v2\/pages\/3249\/revisions"}],"predecessor-version":[{"id":13660,"href":"https:\/\/swissvapeur.ch\/de\/wp-json\/wp\/v2\/pages\/3249\/revisions\/13660"}],"up":[{"embeddable":true,"href":"https:\/\/swissvapeur.ch\/de\/wp-json\/wp\/v2\/pages\/6834"}],"wp:attachment":[{"href":"https:\/\/swissvapeur.ch\/de\/wp-json\/wp\/v2\/media?parent=3249"}],"curies":[{"name":"wp","href":"https:\/\/api.w.org\/{rel}","templated":true}]}}